{"id":2446,"date":"2025-07-04T14:16:30","date_gmt":"2025-07-04T14:16:30","guid":{"rendered":"https:\/\/corporateyoga.yogatribes.com\/?page_id=2446"},"modified":"2025-08-01T11:58:57","modified_gmt":"2025-08-01T15:58:57","slug":"notre-programme-de-yoga","status":"publish","type":"page","link":"https:\/\/corporateyoga.yogatribes.com\/fr\/notre-programme-de-yoga\/","title":{"rendered":"Notre Programme de Yoga"},"content":{"rendered":"\t\t<div data-elementor-type=\"wp-page\" data-elementor-id=\"2446\" class=\"elementor elementor-2446\" data-elementor-post-type=\"page\">\n\t\t\t\t<div class=\"elementor-element elementor-element-4139c6d e-con-full e-flex e-con e-parent\" data-id=\"4139c6d\" data-element_type=\"container\" data-e-type=\"container\" id=\"hero-section-home\" data-settings=\"{&quot;background_background&quot;:&quot;classic&quot;}\">\n\t\t<div class=\"elementor-element elementor-element-6eb71b3 e-con-full e-flex e-con e-child\" data-id=\"6eb71b3\" data-element_type=\"container\" data-e-type=\"container\" data-settings=\"{&quot;background_background&quot;:&quot;classic&quot;}\">\n\t\t\t\t<div class=\"elementor-element elementor-element-1219a00 elementor-widget elementor-widget-text-editor\" data-id=\"1219a00\" data-element_type=\"widget\" data-e-type=\"widget\" data-widget_type=\"text-editor.default\">\n\t\t\t\t<div class=\"elementor-widget-container\">\n\t\t\t\t\t\t\t\t\t<h1 class=\"hero-title\"><b>LE PROGRAMME<br \/>DE YOGA<\/b><span style=\"color: #e30045;\">.<\/span><\/h1>\t\t\t\t\t\t\t\t<\/div>\n\t\t\t\t<\/div>\n\t\t\t\t<\/div>\n\t\t<div class=\"elementor-element elementor-element-d24018e e-con-full elementor-hidden-mobile e-flex e-con e-child\" data-id=\"d24018e\" data-element_type=\"container\" data-e-type=\"container\" data-settings=\"{&quot;position&quot;:&quot;absolute&quot;}\">\n\t\t\t\t<div class=\"elementor-element elementor-element-44c65ac elementor-widget elementor-widget-heading\" data-id=\"44c65ac\" data-element_type=\"widget\" data-e-type=\"widget\" data-widget_type=\"heading.default\">\n\t\t\t\t<div class=\"elementor-widget-container\">\n\t\t\t\t\t<h4 class=\"elementor-heading-title elementor-size-default\"><a href=\"#form\">Contactez-nous pour obtenir <b>une offre personnalis\u00e9e!<\/b><\/a><\/h4>\t\t\t\t<\/div>\n\t\t\t\t<\/div>\n\t\t\t\t<\/div>\n\t\t\t\t<\/div>\n\t\t<div class=\"elementor-element elementor-element-cbff470 e-con-full e-flex e-con e-parent\" data-id=\"cbff470\" data-element_type=\"container\" data-e-type=\"container\" id=\"parallax-bg\" data-settings=\"{&quot;background_background&quot;:&quot;classic&quot;}\">\n\t\t\t\t<\/div>\n\t\t<div class=\"elementor-element elementor-element-a924f93 e-con-full e-flex e-con e-parent\" data-id=\"a924f93\" data-element_type=\"container\" data-e-type=\"container\" data-settings=\"{&quot;background_background&quot;:&quot;classic&quot;}\">\n\t\t\t\t<div class=\"elementor-element elementor-element-8f7face elementor-widget elementor-widget-text-editor\" data-id=\"8f7face\" data-element_type=\"widget\" data-e-type=\"widget\" data-widget_type=\"text-editor.default\">\n\t\t\t\t<div class=\"elementor-widget-container\">\n\t\t\t\t\t\t\t\t\t<h2 class=\"h1 \" style=\"text-align: center;\">\u00ab L\u00e0 o\u00f9 le sable s\u2019\u00e9tend, le coeur s\u2019ouvre. \u00bb\u00a0<\/h2><header><p style=\"text-align: center;\">\u2014 Proverbe touareg<\/p><p style=\"text-align: center;\"><span style=\"font-weight: 400;\"><span data-teams=\"true\">Le s\u00e9jour de yoga et bien-\u00eatre sign\u00e9 YogaTribes, Mer et D\u00e9sert est bien plus qu&rsquo;un simple voyage.<\/span><\/span><span style=\"font-weight: 400;\"><br \/><\/span><span style=\"font-weight: 400;\">C\u2019est une pause hors du temps, un moment pour se reconnecter \u00e0 soi, retrouver son souffle et bouger autrement.<br \/><\/span><span style=\"font-weight: 400;\">Qu\u2019elles soient corporelles, respiratoires, m\u00e9ditatives ou sensorielles, ces pratiques vous invitent \u00e0 respirer pleinement, <br \/>\u00e0 rel\u00e2cher les tensions et \u00e0 vous reconnecter \u00e0 ce qui vous fait du bien. <br \/>L\u2019important \u00e9tant de se laisser porter, \u00e0 son rythme. Nous vous souhaitons la bienvenue dans ce moment privil\u00e9gi\u00e9, <br \/>pens\u00e9 pour vous offrir du souffle, du mouvement et une belle dose de libert\u00e9.<\/span><\/p><\/header>\t\t\t\t\t\t\t\t<\/div>\n\t\t\t\t<\/div>\n\t\t\t\t<\/div>\n\t\t<div class=\"elementor-element elementor-element-02b8e34 e-flex e-con-boxed e-con e-parent\" data-id=\"02b8e34\" data-element_type=\"container\" data-e-type=\"container\" data-settings=\"{&quot;background_background&quot;:&quot;classic&quot;}\">\n\t\t\t\t\t<div class=\"e-con-inner\">\n\t\t<div class=\"elementor-element elementor-element-a379fba e-con-full e-flex e-con e-child\" data-id=\"a379fba\" data-element_type=\"container\" data-e-type=\"container\">\n\t\t\t\t<div class=\"elementor-element elementor-element-96cf982 elementor-widget elementor-widget-image\" data-id=\"96cf982\" data-element_type=\"widget\" data-e-type=\"widget\" data-widget_type=\"image.default\">\n\t\t\t\t<div class=\"elementor-widget-container\">\n\t\t\t\t\t\t\t\t\t\t\t\t\t\t\t<img decoding=\"async\" src=\"https:\/\/corporateyoga.yogatribes.com\/wp-content\/uploads\/elementor\/thumbs\/Image-8-scaled-r8t87fr2symiis0tevalznok06kaf0y9x15ss6j7ds.webp\" title=\"pratique de yoga et soins holistiques\" alt=\"pratique de yoga et soins holistiques\" loading=\"lazy\" \/>\t\t\t\t\t\t\t\t\t\t\t\t\t\t\t<\/div>\n\t\t\t\t<\/div>\n\t\t\t\t<\/div>\n\t\t<div class=\"elementor-element elementor-element-0506e94 e-con-full e-flex e-con e-child\" data-id=\"0506e94\" data-element_type=\"container\" data-e-type=\"container\">\n\t\t<div class=\"elementor-element elementor-element-8acff45 e-con-full e-flex e-con e-child\" data-id=\"8acff45\" data-element_type=\"container\" data-e-type=\"container\">\n\t\t\t\t<div class=\"elementor-element elementor-element-6e2bf65 elementor-widget elementor-widget-image\" data-id=\"6e2bf65\" data-element_type=\"widget\" data-e-type=\"widget\" data-widget_type=\"image.default\">\n\t\t\t\t<div class=\"elementor-widget-container\">\n\t\t\t\t\t\t\t\t\t\t\t\t\t\t\t<img decoding=\"async\" src=\"https:\/\/corporateyoga.yogatribes.com\/wp-content\/uploads\/elementor\/thumbs\/0722dc63-4809-4988-b785-610c0adb6d59-r8gj2vrjics7h3xa3ggs1m971ckbb493eqxx22ojos.jpg\" title=\"exp\u00e9rience yoga dans des lieux inspirants\" alt=\"exp\u00e9rience yoga dans des lieux inspirants\" loading=\"lazy\" \/>\t\t\t\t\t\t\t\t\t\t\t\t\t\t\t<\/div>\n\t\t\t\t<\/div>\n\t\t\t\t<\/div>\n\t\t<div class=\"elementor-element elementor-element-0eeec50 e-con-full e-flex e-con e-child\" data-id=\"0eeec50\" data-element_type=\"container\" data-e-type=\"container\">\n\t\t\t\t<div class=\"elementor-element elementor-element-2a4e05e elementor-widget elementor-widget-image\" data-id=\"2a4e05e\" data-element_type=\"widget\" data-e-type=\"widget\" data-widget_type=\"image.default\">\n\t\t\t\t<div class=\"elementor-widget-container\">\n\t\t\t\t\t\t\t\t\t\t\t\t\t\t\t<img decoding=\"async\" src=\"https:\/\/corporateyoga.yogatribes.com\/wp-content\/uploads\/elementor\/thumbs\/IMG_8889-1-scaled-r8t7nesv715hggy6b8jnsx0yyf07pe4rw0ge702rho.webp\" title=\"s\u00e9jour yoga et bien-\u00eatre en groupe\" alt=\"s\u00e9jour yoga et bien-\u00eatre en groupe\" loading=\"lazy\" \/>\t\t\t\t\t\t\t\t\t\t\t\t\t\t\t<\/div>\n\t\t\t\t<\/div>\n\t\t\t\t<\/div>\n\t\t\t\t<\/div>\n\t\t\t\t\t<\/div>\n\t\t\t\t<\/div>\n\t\t<div class=\"elementor-element elementor-element-c0f8fa8 e-flex e-con-boxed e-con e-parent\" data-id=\"c0f8fa8\" data-element_type=\"container\" data-e-type=\"container\" data-settings=\"{&quot;background_background&quot;:&quot;classic&quot;}\">\n\t\t\t\t\t<div class=\"e-con-inner\">\n\t\t\t\t<div class=\"elementor-element elementor-element-dae8196 elementor-widget elementor-widget-text-editor\" data-id=\"dae8196\" data-element_type=\"widget\" data-e-type=\"widget\" data-widget_type=\"text-editor.default\">\n\t\t\t\t<div class=\"elementor-widget-container\">\n\t\t\t\t\t\t\t\t\t<h2 class=\"h1 \" style=\"text-align: center;\">Rencontre avec nos ma\u00eetres yogis, Sandrine Ficot et Christopher Kieken<\/h2>\t\t\t\t\t\t\t\t<\/div>\n\t\t\t\t<\/div>\n\t\t\t\t\t<\/div>\n\t\t\t\t<\/div>\n\t\t<div class=\"elementor-element elementor-element-ca86578 e-grid e-con-boxed e-con e-parent\" data-id=\"ca86578\" data-element_type=\"container\" data-e-type=\"container\" data-settings=\"{&quot;background_background&quot;:&quot;classic&quot;}\">\n\t\t\t\t\t<div class=\"e-con-inner\">\n\t\t\t\t<div class=\"elementor-element elementor-element-36aac92 elementor-widget elementor-widget-image\" data-id=\"36aac92\" data-element_type=\"widget\" data-e-type=\"widget\" data-widget_type=\"image.default\">\n\t\t\t\t<div class=\"elementor-widget-container\">\n\t\t\t\t\t\t\t\t\t\t\t\t\t\t\t<img decoding=\"async\" src=\"https:\/\/corporateyoga.yogatribes.com\/wp-content\/uploads\/elementor\/thumbs\/Sandrine-Ficot-r89zvak0v1at5a8o1bz2jxrqtdgi16hz6te1uux9r4.jpg\" title=\"Sandrine Ficot\" alt=\"Sandrine Ficot\" loading=\"lazy\" \/>\t\t\t\t\t\t\t\t\t\t\t\t\t\t\t<\/div>\n\t\t\t\t<\/div>\n\t\t\t\t<div class=\"elementor-element elementor-element-9e75391 elementor-widget elementor-widget-image\" data-id=\"9e75391\" data-element_type=\"widget\" data-e-type=\"widget\" data-widget_type=\"image.default\">\n\t\t\t\t<div class=\"elementor-widget-container\">\n\t\t\t\t\t\t\t\t\t\t\t\t\t\t\t<img fetchpriority=\"high\" decoding=\"async\" width=\"300\" height=\"200\" src=\"https:\/\/corporateyoga.yogatribes.com\/wp-content\/uploads\/2025\/08\/Christophe-Kieken-300x200-1.png\" class=\"attachment-full size-full wp-image-5787\" alt=\"\" \/>\t\t\t\t\t\t\t\t\t\t\t\t\t\t\t<\/div>\n\t\t\t\t<\/div>\n\t\t\t\t<div class=\"elementor-element elementor-element-9e979bb elementor-widget elementor-widget-text-editor\" data-id=\"9e979bb\" data-element_type=\"widget\" data-e-type=\"widget\" data-widget_type=\"text-editor.default\">\n\t\t\t\t<div class=\"elementor-widget-container\">\n\t\t\t\t\t\t\t\t\t<h4 style=\"text-align: center;\"><b>\uaa5c <\/b><b>Sandrine Ficot<br \/><\/b><\/h4><p style=\"text-align: left;\"><span style=\"font-weight: 400;\">Enseignante certifi\u00e9e E-RYT 500, Sandrine est cofondatrice de <\/span><a href=\"http:\/\/monyoga.ca\" target=\"_blank\" rel=\"noopener\"><span style=\"font-weight: 400;\">MonYoga<\/span><\/a><span style=\"font-weight: 400;\">. <\/span><span style=\"font-weight: 400;\">Elle est aussi formatrice experte en yoga, m\u00e9ditation, Qi Gong et bien-\u00eatre durable. Elle enseigne avec une approche douce,<br \/>ancr\u00e9e et bienveillante. <\/span><span style=\"font-weight: 400;\">Ancienne pilote et passionn\u00e9e par la m\u00e9canique humaine, elle consacre depuis plus de vingt ans son \u00e9nergie \u00e0 transmettre des pratiques qui unifient corps et esprit, avec douceur et exigence. <\/span><span style=\"font-weight: 400;\">Son enseignement s\u2019appuie sur les traditions du yoga, de l\u2019Ayurveda, de la m\u00e9decine chinoise, et de la pleine conscience, pour guider chacun\u00b7e vers plus de libert\u00e9 int\u00e9rieure, de clart\u00e9 mentale et de s\u00e9r\u00e9nit\u00e9.<br \/><\/span><span style=\"font-weight: 400;\">\u21e8<\/span><a href=\"https:\/\/www.yogatribes.com\/yoga-teacher\/montreal\/20920-sandrine-ficot\/calendar\/\" target=\"_blank\" rel=\"noopener\"><span style=\"font-weight: 400;\">D\u00e9couvrez <\/span><\/a><span style=\"font-weight: 400;\">son profil<\/span><\/p>\t\t\t\t\t\t\t\t<\/div>\n\t\t\t\t<\/div>\n\t\t\t\t<div class=\"elementor-element elementor-element-3d9f6aa elementor-widget elementor-widget-text-editor\" data-id=\"3d9f6aa\" data-element_type=\"widget\" data-e-type=\"widget\" data-widget_type=\"text-editor.default\">\n\t\t\t\t<div class=\"elementor-widget-container\">\n\t\t\t\t\t\t\t\t\t<h4 style=\"text-align: center;\"><b>\uaa5c <\/b><b>Christophe Kieken<\/b><\/h4><p style=\"text-align: left;\"><span style=\"font-weight: 400;\">Enseignant certifi\u00e9 E-RYT 500 et cofondateur de <\/span><a href=\"http:\/\/monyoga.ca\" target=\"_blank\" rel=\"noopener\"><span style=\"font-weight: 400;\">MonYoga.<\/span><\/a><br \/><span style=\"font-weight: 400;\">Christophe conjugue son exp\u00e9rience en entrepreneuriat, en p\u00e9dagogie et en yoga pour transmettre avec clart\u00e9, inspiration et engagement. <\/span><span style=\"font-weight: 400;\">Formateur depuis plus de 30 ans, passionn\u00e9 par la transformation int\u00e9rieure et les sagesses orientales, il guide avec bienveillance des pratiques accessibles et transformatrices. <\/span><span style=\"font-weight: 400;\">Son approche allie structure, intuition et ouverture, pour accompagner chacun\u00b7e sur le chemin de la connaissance de soi.<br \/><\/span><span style=\"font-weight: 400;\">\u21e8<\/span><span style=\"font-weight: 400;\">\u00a0 <\/span><a href=\"https:\/\/www.yogatribes.com\/yoga-teacher\/montreal\/13187-christophe-kieken\/calendar\/\" target=\"_blank\" rel=\"noopener\"><span style=\"font-weight: 400;\">En savoir plus sur Christophe<\/span><\/a><\/p>\t\t\t\t\t\t\t\t<\/div>\n\t\t\t\t<\/div>\n\t\t\t\t\t<\/div>\n\t\t\t\t<\/div>\n\t\t<div class=\"elementor-element elementor-element-2fcc316 e-flex e-con-boxed e-con e-parent\" data-id=\"2fcc316\" data-element_type=\"container\" data-e-type=\"container\" data-settings=\"{&quot;background_background&quot;:&quot;classic&quot;}\">\n\t\t\t\t\t<div class=\"e-con-inner\">\n\t\t\t\t<div class=\"elementor-element elementor-element-a2c54a6 elementor-widget elementor-widget-text-editor\" data-id=\"a2c54a6\" data-element_type=\"widget\" data-e-type=\"widget\" data-widget_type=\"text-editor.default\">\n\t\t\t\t<div class=\"elementor-widget-container\">\n\t\t\t\t\t\t\t\t\t<h2 style=\"text-align: center;\">L\u2019ESPRIT DU VOYAGE<\/h2><p style=\"text-align: center;\">Ce s\u00e9jour est avant tout une exp\u00e9rience de d\u00e9couverte : des paysages, des saveurs, des cultures\u2026 et peut-\u00eatre aussi une autre fa\u00e7on de se relier \u00e0 soi. Guid\u00e9s par le rythme du d\u00e9sert et de la mer, nous alternerons les temps d\u2019exploration et les temps de pause, <br \/>pour bouger, respirer, savourer.<br \/>Le yoga viendra enrichir nos journ\u00e9es, comme un lien de bien-\u00eatre et de connexion au c\u0153ur du voyage. <br \/>Le yoga ponctuera nos journ\u00e9es comme des respirations, en \u00e9cho aux lieux, aux moments, et \u00e0 l\u2019\u00e9nergie du groupe. <br \/>Chaque s\u00e9ance sera une occasion de respirer, d\u2019habiter son corps, de prendre soin de soi\u2026 et de savourer pleinement l\u2019instant. <br \/><span style=\"font-weight: 400;\">Aucune exp\u00e9rience en yoga n\u2019est requise.<\/span><\/p>\t\t\t\t\t\t\t\t<\/div>\n\t\t\t\t<\/div>\n\t\t\t\t\t<\/div>\n\t\t\t\t<\/div>\n\t\t<div class=\"elementor-element elementor-element-c5b7c97 e-grid e-con-boxed e-con e-parent\" data-id=\"c5b7c97\" data-element_type=\"container\" data-e-type=\"container\" data-settings=\"{&quot;background_background&quot;:&quot;classic&quot;}\">\n\t\t\t\t\t<div class=\"e-con-inner\">\n\t\t\t\t<div class=\"elementor-element elementor-element-ff45c82 elementor-widget elementor-widget-image\" data-id=\"ff45c82\" data-element_type=\"widget\" data-e-type=\"widget\" data-widget_type=\"image.default\">\n\t\t\t\t<div class=\"elementor-widget-container\">\n\t\t\t\t\t\t\t\t\t\t\t\t\t\t\t<img decoding=\"async\" src=\"https:\/\/corporateyoga.yogatribes.com\/wp-content\/uploads\/elementor\/thumbs\/morning-scaled-r8t7l19ip94t6u949wq4oliofs6hi0g98oqseuwtr4.webp\" title=\"programme de yoga immersif avec YogaTribes\" alt=\"programme de yoga immersif avec YogaTribes\" loading=\"lazy\" \/>\t\t\t\t\t\t\t\t\t\t\t\t\t\t\t<\/div>\n\t\t\t\t<\/div>\n\t\t\t\t<div class=\"elementor-element elementor-element-1b86d62 elementor-widget elementor-widget-image\" data-id=\"1b86d62\" data-element_type=\"widget\" data-e-type=\"widget\" data-widget_type=\"image.default\">\n\t\t\t\t<div class=\"elementor-widget-container\">\n\t\t\t\t\t\t\t\t\t\t\t\t\t\t\t<img decoding=\"async\" src=\"https:\/\/corporateyoga.yogatribes.com\/wp-content\/uploads\/elementor\/thumbs\/Image-r8t7qhpsdmlqlcbrern5npy0lba76r45np39potjmo.webp\" title=\"s\u00e9ances de yoga guid\u00e9es en voyage\" alt=\"s\u00e9ances de yoga guid\u00e9es en voyage\" loading=\"lazy\" \/>\t\t\t\t\t\t\t\t\t\t\t\t\t\t\t<\/div>\n\t\t\t\t<\/div>\n\t\t\t\t<div class=\"elementor-element elementor-element-f9247d2 elementor-widget elementor-widget-image\" data-id=\"f9247d2\" data-element_type=\"widget\" data-e-type=\"widget\" data-widget_type=\"image.default\">\n\t\t\t\t<div class=\"elementor-widget-container\">\n\t\t\t\t\t\t\t\t\t\t\t\t\t\t\t<img decoding=\"async\" src=\"https:\/\/corporateyoga.yogatribes.com\/wp-content\/uploads\/elementor\/thumbs\/Image-1-r8t7qc2r8me0nojybp7e8rd9101zwkhrmx6cu11wo0.webp\" title=\"yoga et d\u00e9couverte culturelle en retraite\" alt=\"yoga et d\u00e9couverte culturelle en retraite\" loading=\"lazy\" \/>\t\t\t\t\t\t\t\t\t\t\t\t\t\t\t<\/div>\n\t\t\t\t<\/div>\n\t\t\t\t\t<\/div>\n\t\t\t\t<\/div>\n\t\t<div class=\"elementor-element elementor-element-8b74c1e e-flex e-con-boxed e-con e-parent\" data-id=\"8b74c1e\" data-element_type=\"container\" data-e-type=\"container\" data-settings=\"{&quot;background_background&quot;:&quot;classic&quot;}\">\n\t\t\t\t\t<div class=\"e-con-inner\">\n\t\t\t\t<div class=\"elementor-element elementor-element-6245d72 elementor-widget elementor-widget-text-editor\" data-id=\"6245d72\" data-element_type=\"widget\" data-e-type=\"widget\" data-widget_type=\"text-editor.default\">\n\t\t\t\t<div class=\"elementor-widget-container\">\n\t\t\t\t\t\t\t\t\t<p style=\"text-align: center;\"><b>Le matin<\/b><span style=\"font-weight: 400;\">: <\/span><b>Flow, puissance &amp; pr\u00e9sence<\/b><\/p><p style=\"text-align: center;\"><span style=\"font-weight: 400;\">Nous ouvrirons l\u2019espace avec des pratiques dynamiques ou r\u00e9g\u00e9n\u00e9rantes pour r\u00e9veiller le corps, mobiliser l\u2019\u00e9nergie et poser une intention.<\/span><\/p><p style=\"text-align: center;\"><b>La journ\u00e9e: Excursions et temps libre:<\/b><\/p><p style=\"text-align: center;\"><span style=\"font-weight: 400;\">Place \u00e0 l\u2019exploration : plage, balades, d\u00e9couvertes, partages ou temps libre pour se laisser porter par le moment pr\u00e9sent.<\/span><\/p><p style=\"text-align: center;\"><b>Le soir<\/b><span style=\"font-weight: 400;\">: <\/span><b>Apaisement &amp; int\u00e9gration<\/b><\/p><p style=\"text-align: center;\"><span style=\"font-weight: 400;\">La tomb\u00e9e du jour laisse place \u00e0 des pratiques plus douces invitent au rel\u00e2chement physique et mental, <br \/>pour int\u00e9grer les exp\u00e9riences et favoriser un vrai repos.<\/span><\/p>\t\t\t\t\t\t\t\t<\/div>\n\t\t\t\t<\/div>\n\t\t\t\t\t<\/div>\n\t\t\t\t<\/div>\n\t\t<div class=\"elementor-element elementor-element-b7dacad e-flex e-con-boxed e-con e-parent\" data-id=\"b7dacad\" data-element_type=\"container\" data-e-type=\"container\" data-settings=\"{&quot;background_background&quot;:&quot;classic&quot;}\">\n\t\t\t\t\t<div class=\"e-con-inner\">\n\t\t\t\t<div class=\"elementor-element elementor-element-aeeaf5d elementor-widget elementor-widget-text-editor\" data-id=\"aeeaf5d\" data-element_type=\"widget\" data-e-type=\"widget\" data-widget_type=\"text-editor.default\">\n\t\t\t\t<div class=\"elementor-widget-container\">\n\t\t\t\t\t\t\t\t\t<h2 class=\"h1 \" style=\"text-align: center;\">UNE TOUCHE D\u2019AYURVEDA\u00a0<\/h2><p style=\"text-align: center;\">L\u2019Ayurveda, sagesse ancestrale venue d\u2019Inde, nous invite \u00e0 vivre en harmonie avec les rythmes de la nature et les besoins du corps.<\/p>\t\t\t\t\t\t\t\t<\/div>\n\t\t\t\t<\/div>\n\t\t\t\t\t<\/div>\n\t\t\t\t<\/div>\n\t\t<div class=\"elementor-element elementor-element-dc5622e e-flex e-con-boxed e-con e-parent\" data-id=\"dc5622e\" data-element_type=\"container\" data-e-type=\"container\" data-settings=\"{&quot;background_background&quot;:&quot;classic&quot;}\">\n\t\t\t\t\t<div class=\"e-con-inner\">\n\t\t<div class=\"elementor-element elementor-element-03bf078 e-con-full e-flex e-con e-child\" data-id=\"03bf078\" data-element_type=\"container\" data-e-type=\"container\">\n\t\t\t\t<div class=\"elementor-element elementor-element-1bf3dcd elementor-widget elementor-widget-image\" data-id=\"1bf3dcd\" data-element_type=\"widget\" data-e-type=\"widget\" data-widget_type=\"image.default\">\n\t\t\t\t<div class=\"elementor-widget-container\">\n\t\t\t\t\t\t\t\t\t\t\t\t\t\t\t<img decoding=\"async\" src=\"https:\/\/corporateyoga.yogatribes.com\/wp-content\/uploads\/elementor\/thumbs\/Image-9-r8gsduixcd0ip36p7oijwaj4829nib47miknqzevqu.jpeg\" title=\"voyage bien-\u00eatre et yoga avec YogaTribes\" alt=\"voyage bien-\u00eatre et yoga avec YogaTribes\" loading=\"lazy\" \/>\t\t\t\t\t\t\t\t\t\t\t\t\t\t\t<\/div>\n\t\t\t\t<\/div>\n\t\t\t\t<\/div>\n\t\t<div class=\"elementor-element elementor-element-87f7fe7 e-con-full elementor-hidden-mobile e-flex e-con e-child\" data-id=\"87f7fe7\" data-element_type=\"container\" data-e-type=\"container\">\n\t\t\t\t<div class=\"elementor-element elementor-element-3406ab9 elementor-widget elementor-widget-image\" data-id=\"3406ab9\" data-element_type=\"widget\" data-e-type=\"widget\" data-widget_type=\"image.default\">\n\t\t\t\t<div class=\"elementor-widget-container\">\n\t\t\t\t\t\t\t\t\t\t\t\t\t\t\t<img decoding=\"async\" src=\"https:\/\/corporateyoga.yogatribes.com\/wp-content\/uploads\/2025\/06\/28B79A53-116E-4B61-888D-CC0264EB03DB_1_105_c.jpeg\" title=\"programme de yoga pour se ressourcer\" alt=\"programme de yoga pour se ressourcer\" loading=\"lazy\" \/>\t\t\t\t\t\t\t\t\t\t\t\t\t\t\t<\/div>\n\t\t\t\t<\/div>\n\t\t\t\t<\/div>\n\t\t\t\t\t<\/div>\n\t\t\t\t<\/div>\n\t\t<div class=\"elementor-element elementor-element-bcb30e4 e-flex e-con-boxed e-con e-parent\" data-id=\"bcb30e4\" data-element_type=\"container\" data-e-type=\"container\" data-settings=\"{&quot;background_background&quot;:&quot;classic&quot;}\">\n\t\t\t\t\t<div class=\"e-con-inner\">\n\t\t\t\t<div class=\"elementor-element elementor-element-59ed704 elementor-widget elementor-widget-text-editor\" data-id=\"59ed704\" data-element_type=\"widget\" data-e-type=\"widget\" data-widget_type=\"text-editor.default\">\n\t\t\t\t<div class=\"elementor-widget-container\">\n\t\t\t\t\t\t\t\t\t<h2 class=\"h1 \" style=\"text-align: center;\">Ce que vous rapporterez de ce voyage ?\u00a0<\/h2><p style=\"text-align: center;\"><span style=\"font-weight: 400;\">Des outils concrets pour mieux respirer, mieux dormir, et bouger avec aisance et plaisir. Une relation plus douce \u00e0 votre corps et \u00e0 votre souffle, et la m\u00e9moire d\u2019un s\u00e9jour nourrissant, entre beaut\u00e9, culture et le plaisir de le partager avec les autres yogis.<\/span><\/p>\t\t\t\t\t\t\t\t<\/div>\n\t\t\t\t<\/div>\n\t\t\t\t\t<\/div>\n\t\t\t\t<\/div>\n\t\t<div class=\"elementor-element elementor-element-f684117 e-flex e-con-boxed e-con e-parent\" data-id=\"f684117\" data-element_type=\"container\" data-e-type=\"container\" data-settings=\"{&quot;background_background&quot;:&quot;classic&quot;}\">\n\t\t\t\t\t<div class=\"e-con-inner\">\n\t\t\t\t<div class=\"elementor-element elementor-element-5352eea elementor-widget elementor-widget-text-editor\" data-id=\"5352eea\" data-element_type=\"widget\" data-e-type=\"widget\" data-widget_type=\"text-editor.default\">\n\t\t\t\t<div class=\"elementor-widget-container\">\n\t\t\t\t\t\t\t\t\t<h2 class=\"h1 \" style=\"text-align: center;\">CHOISIR LA RETRAITE DE YOGA PARFAITE\u00a0<\/h2><p style=\"text-align: center;\">Une retraite de yoga, ce n\u2019est pas juste du temps pour vous \u2014 c\u2019est une vraie exp\u00e9rience. Vous respirez, vous bougez, vous relaxez et surtout, vous partagez. Parce que ce qui rend ces moments uniques, c\u2019est aussi l\u2019\u00e9nergie du groupe. Vous rencontrez d\u2019autres passionn\u00e9s, vous \u00e9changez sans filtre, vous vibrez au m\u00eame rythme, chacun \u00e0 son propre tempo. Envie de rel\u00e2cher la pression\u202f? Choisissez une retraite ax\u00e9e sur la d\u00e9tente, les flows doux, la respiration et le calme. Besoin d\u2019explorer plus en profondeur\u202f? Optez pour une retraite qui int\u00e8gre aussi des ateliers, des discussions ouvertes, et un vrai espace pour r\u00e9fl\u00e9chir et \u00e9voluer. Laissez-vous guider par ce qui vous attire. Trouvez votre vibe. Et vivez une retraite qui vous recentre vraiment.<\/p>\t\t\t\t\t\t\t\t<\/div>\n\t\t\t\t<\/div>\n\t\t\t\t\t<\/div>\n\t\t\t\t<\/div>\n\t\t<div class=\"elementor-element elementor-element-f7c3a0b e-flex e-con-boxed e-con e-parent\" data-id=\"f7c3a0b\" data-element_type=\"container\" data-e-type=\"container\" id=\"yoga-monde\" data-settings=\"{&quot;background_background&quot;:&quot;classic&quot;}\">\n\t\t\t\t\t<div class=\"e-con-inner\">\n\t\t\t\t<div class=\"elementor-element elementor-element-79cd1ad elementor-widget elementor-widget-text-editor\" data-id=\"79cd1ad\" data-element_type=\"widget\" data-e-type=\"widget\" data-widget_type=\"text-editor.default\">\n\t\t\t\t<div class=\"elementor-widget-container\">\n\t\t\t\t\t\t\t\t\t<h2 class=\"h1 \" style=\"text-align: center;\">YOGA MONDE\u00a0<\/h2><h4 style=\"text-align: center;\">Le voyage de yoga outremer, r\u00e9invent\u00e9<\/h4><p style=\"text-align: center;\">Yoga Monde est la division voyage, d\u00e9di\u00e9e aux retraites de yoga, sign\u00e9es YogaTribes. Chaque s\u00e9jour propose une exp\u00e9rience compl\u00e8te : pratiques quotidiennes, d\u00e9couvertes culturelles et gastronomiques, architecture, h\u00e9bergements inspirants et esprit de communaut\u00e9. Con\u00e7ues pour les passionn\u00e9s de yoga et d\u2019aventure, nos retraites permettent de se ressourcer, de (re)connecter, <br \/>de d\u00e9connecter et de vivre le yoga au-del\u00e0 du tapis.<\/p>\t\t\t\t\t\t\t\t<\/div>\n\t\t\t\t<\/div>\n\t\t\t\t\t<\/div>\n\t\t\t\t<\/div>\n\t\t<div class=\"elementor-element elementor-element-e43f126 e-flex e-con-boxed e-con e-parent\" data-id=\"e43f126\" data-element_type=\"container\" data-e-type=\"container\" data-settings=\"{&quot;background_background&quot;:&quot;classic&quot;}\">\n\t\t\t\t\t<div class=\"e-con-inner\">\n\t\t\t\t<div class=\"elementor-element elementor-element-5779b4f elementor-widget elementor-widget-text-editor\" data-id=\"5779b4f\" data-element_type=\"widget\" data-e-type=\"widget\" data-widget_type=\"text-editor.default\">\n\t\t\t\t<div class=\"elementor-widget-container\">\n\t\t\t\t\t\t\t\t\t<h3 class=\"h1 \" style=\"text-align: center;\">Mon histoire de voyage \u2014 <br \/>Sophie Lymburner, chef de tribu ex\u00e9cutive<\/h3>\t\t\t\t\t\t\t\t<\/div>\n\t\t\t\t<\/div>\n\t\t\t\t\t<\/div>\n\t\t\t\t<\/div>\n\t\t<div class=\"elementor-element elementor-element-dd10560 e-grid e-con-boxed e-con e-parent\" data-id=\"dd10560\" data-element_type=\"container\" data-e-type=\"container\" data-settings=\"{&quot;background_background&quot;:&quot;classic&quot;}\">\n\t\t\t\t\t<div class=\"e-con-inner\">\n\t\t\t\t<div class=\"elementor-element elementor-element-0cf0c2f elementor-widget elementor-widget-image\" data-id=\"0cf0c2f\" data-element_type=\"widget\" data-e-type=\"widget\" data-widget_type=\"image.default\">\n\t\t\t\t<div class=\"elementor-widget-container\">\n\t\t\t\t\t\t\t\t\t\t\t\t\t\t\t<img decoding=\"async\" src=\"https:\/\/corporateyoga.yogatribes.com\/wp-content\/uploads\/elementor\/thumbs\/13600277_10154281423957442_2914687633384172903_n-r8gou71yykhybgywz5wxygjdhernzbpza82dq6oygw.jpg\" title=\"Sophie Lymburner, Fondatrice, Yogatribes\" alt=\"Sophie Lymburner, Fondatrice, Yogatribes\" loading=\"lazy\" \/>\t\t\t\t\t\t\t\t\t\t\t\t\t\t\t<\/div>\n\t\t\t\t<\/div>\n\t\t\t\t<div class=\"elementor-element elementor-element-b0884da history-text elementor-widget elementor-widget-text-editor\" data-id=\"b0884da\" data-element_type=\"widget\" data-e-type=\"widget\" data-widget_type=\"text-editor.default\">\n\t\t\t\t<div class=\"elementor-widget-container\">\n\t\t\t\t\t\t\t\t\t<p><span style=\"font-weight: 400;\">Rencontrez <\/span><b>Sophie Lymburner<\/b><span style=\"font-weight: 400;\">, fondatrice de <\/span><b>YogaTribes<\/b><span style=\"font-weight: 400;\">, une entreprise engag\u00e9e \u00e0 int\u00e9grer le yoga et la pleine conscience dans les entreprises, les lieux publics\u2026 et maintenant, \u00e0 travers le monde.<\/span><\/p><p><span style=\"font-weight: 400;\">Passionn\u00e9e par le bien-\u00eatre sous toutes ses formes, Sophie con\u00e7oit des <\/span><b>retraites de yoga signatures<\/b><span style=\"font-weight: 400;\">, alliant pleine conscience, beaut\u00e9, exploration et \u00e9quilibre. Son approche unique \u2014 o\u00f9 se croisent architecture, pratiques holistiques et aventures humaines \u2014 offre des exp\u00e9riences profond\u00e9ment transformatrices.<\/span><\/p><p><span style=\"font-weight: 400;\">\u00c0 travers <\/span><b>Yoga Monde<\/b><span style=\"font-weight: 400;\">, la division voyage de YogaTribes, elle red\u00e9finit le voyage bien-\u00eatre avec c\u0153ur, cr\u00e9ativit\u00e9 et vision. Son objectif\u202f: inspirer chacun \u00e0 vivre mieux, en pleine conscience.<\/span><\/p>\t\t\t\t\t\t\t\t<\/div>\n\t\t\t\t<\/div>\n\t\t\t\t\t<\/div>\n\t\t\t\t<\/div>\n\t\t\t\t<\/div>\n\t\t","protected":false},"excerpt":{"rendered":"<p>LE PROGRAMMEDE YOGA. Contactez-nous pour obtenir une offre personnalis\u00e9e! \u00ab L\u00e0 o\u00f9 le sable s\u2019\u00e9tend, le coeur s\u2019ouvre. \u00bb\u00a0 \u2014 Proverbe touareg Le s\u00e9jour de yoga et bien-\u00eatre sign\u00e9 YogaTribes, Mer et D\u00e9sert est bien plus qu&rsquo;un simple voyage.C\u2019est une pause hors du temps, un moment pour se reconnecter \u00e0 soi, retrouver son souffle et [&hellip;]<\/p>\n","protected":false},"author":4,"featured_media":0,"parent":0,"menu_order":0,"comment_status":"closed","ping_status":"closed","template":"","meta":{"footnotes":""},"class_list":["post-2446","page","type-page","status-publish","hentry"],"yoast_head":"<!-- This site is optimized with the Yoast SEO Premium plugin v22.8 (Yoast SEO v27.5) - https:\/\/yoast.com\/product\/yoast-seo-premium-wordpress\/ -->\n<title>Programme de yoga corporatif avec YogaTribes<\/title>\n<meta name=\"description\" content=\"Le programme corporatif propose des \u00e9tirements, des postures simples et des exercices de respiration et de m\u00e9ditation.\" \/>\n<meta name=\"robots\" content=\"index, follow, max-snippet:-1, max-image-preview:large, max-video-preview:-1\" \/>\n<link rel=\"canonical\" href=\"https:\/\/corporateyoga.yogatribes.com\/fr\/notre-programme-de-yoga\/\" \/>\n<meta property=\"og:locale\" content=\"fr_FR\" \/>\n<meta property=\"og:type\" content=\"article\" \/>\n<meta property=\"og:title\" content=\"Notre Programme de Yoga\" \/>\n<meta property=\"og:description\" content=\"Le programme corporatif propose des \u00e9tirements, des postures simples et des exercices de respiration et de m\u00e9ditation.\" \/>\n<meta property=\"og:url\" content=\"https:\/\/corporateyoga.yogatribes.com\/fr\/notre-programme-de-yoga\/\" \/>\n<meta property=\"og:site_name\" content=\"YogaTribes Pages\" \/>\n<meta property=\"article:modified_time\" content=\"2025-08-01T15:58:57+00:00\" \/>\n<meta property=\"og:image\" content=\"https:\/\/corporateyoga.yogatribes.com\/wp-content\/uploads\/elementor\/thumbs\/Image-8-scaled-r8t87fr2symiis0tevalznok06kaf0y9x15ss6j7ds.webp\" \/>\n<meta name=\"twitter:card\" content=\"summary_large_image\" \/>\n<meta name=\"twitter:label1\" content=\"Dur\u00e9e de lecture estim\u00e9e\" \/>\n\t<meta name=\"twitter:data1\" content=\"7 minutes\" \/>\n<script type=\"application\/ld+json\" class=\"yoast-schema-graph\">{\"@context\":\"https:\\\/\\\/schema.org\",\"@graph\":[{\"@type\":\"WebPage\",\"@id\":\"https:\\\/\\\/corporateyoga.yogatribes.com\\\/fr\\\/notre-programme-de-yoga\\\/\",\"url\":\"https:\\\/\\\/corporateyoga.yogatribes.com\\\/fr\\\/notre-programme-de-yoga\\\/\",\"name\":\"Programme de yoga corporatif avec YogaTribes\",\"isPartOf\":{\"@id\":\"https:\\\/\\\/corporateyoga.yogatribes.com\\\/fr\\\/#website\"},\"primaryImageOfPage\":{\"@id\":\"https:\\\/\\\/corporateyoga.yogatribes.com\\\/fr\\\/notre-programme-de-yoga\\\/#primaryimage\"},\"image\":{\"@id\":\"https:\\\/\\\/corporateyoga.yogatribes.com\\\/fr\\\/notre-programme-de-yoga\\\/#primaryimage\"},\"thumbnailUrl\":\"https:\\\/\\\/corporateyoga.yogatribes.com\\\/wp-content\\\/uploads\\\/elementor\\\/thumbs\\\/Image-8-scaled-r8t87fr2symiis0tevalznok06kaf0y9x15ss6j7ds.webp\",\"datePublished\":\"2025-07-04T14:16:30+00:00\",\"dateModified\":\"2025-08-01T15:58:57+00:00\",\"description\":\"Le programme corporatif propose des \u00e9tirements, des postures simples et des exercices de respiration et de m\u00e9ditation.\",\"breadcrumb\":{\"@id\":\"https:\\\/\\\/corporateyoga.yogatribes.com\\\/fr\\\/notre-programme-de-yoga\\\/#breadcrumb\"},\"inLanguage\":\"fr-FR\",\"potentialAction\":[{\"@type\":\"ReadAction\",\"target\":[\"https:\\\/\\\/corporateyoga.yogatribes.com\\\/fr\\\/notre-programme-de-yoga\\\/\"]}]},{\"@type\":\"ImageObject\",\"inLanguage\":\"fr-FR\",\"@id\":\"https:\\\/\\\/corporateyoga.yogatribes.com\\\/fr\\\/notre-programme-de-yoga\\\/#primaryimage\",\"url\":\"https:\\\/\\\/corporateyoga.yogatribes.com\\\/wp-content\\\/uploads\\\/elementor\\\/thumbs\\\/Image-8-scaled-r8t87fr2symiis0tevalznok06kaf0y9x15ss6j7ds.webp\",\"contentUrl\":\"https:\\\/\\\/corporateyoga.yogatribes.com\\\/wp-content\\\/uploads\\\/elementor\\\/thumbs\\\/Image-8-scaled-r8t87fr2symiis0tevalznok06kaf0y9x15ss6j7ds.webp\"},{\"@type\":\"BreadcrumbList\",\"@id\":\"https:\\\/\\\/corporateyoga.yogatribes.com\\\/fr\\\/notre-programme-de-yoga\\\/#breadcrumb\",\"itemListElement\":[{\"@type\":\"ListItem\",\"position\":1,\"name\":\"Home\",\"item\":\"https:\\\/\\\/corporateyoga.yogatribes.com\\\/fr\\\/\"},{\"@type\":\"ListItem\",\"position\":2,\"name\":\"Notre Programme de Yoga\"}]},{\"@type\":\"WebSite\",\"@id\":\"https:\\\/\\\/corporateyoga.yogatribes.com\\\/fr\\\/#website\",\"url\":\"https:\\\/\\\/corporateyoga.yogatribes.com\\\/fr\\\/\",\"name\":\"YogaTribes Pages\",\"description\":\"Corporate Yoga par Yogatribes\",\"publisher\":{\"@id\":\"https:\\\/\\\/corporateyoga.yogatribes.com\\\/fr\\\/#organization\"},\"potentialAction\":[{\"@type\":\"SearchAction\",\"target\":{\"@type\":\"EntryPoint\",\"urlTemplate\":\"https:\\\/\\\/corporateyoga.yogatribes.com\\\/fr\\\/?s={search_term_string}\"},\"query-input\":{\"@type\":\"PropertyValueSpecification\",\"valueRequired\":true,\"valueName\":\"search_term_string\"}}],\"inLanguage\":\"fr-FR\"},{\"@type\":\"Organization\",\"@id\":\"https:\\\/\\\/corporateyoga.yogatribes.com\\\/fr\\\/#organization\",\"name\":\"YogaTribes Pages\",\"url\":\"https:\\\/\\\/corporateyoga.yogatribes.com\\\/fr\\\/\",\"logo\":{\"@type\":\"ImageObject\",\"inLanguage\":\"fr-FR\",\"@id\":\"https:\\\/\\\/corporateyoga.yogatribes.com\\\/fr\\\/#\\\/schema\\\/logo\\\/image\\\/\",\"url\":\"https:\\\/\\\/corporateyoga.yogatribes.com\\\/wp-content\\\/uploads\\\/2024\\\/06\\\/logo-yogatribes-1Site.webp\",\"contentUrl\":\"https:\\\/\\\/corporateyoga.yogatribes.com\\\/wp-content\\\/uploads\\\/2024\\\/06\\\/logo-yogatribes-1Site.webp\",\"width\":380,\"height\":225,\"caption\":\"YogaTribes Pages\"},\"image\":{\"@id\":\"https:\\\/\\\/corporateyoga.yogatribes.com\\\/fr\\\/#\\\/schema\\\/logo\\\/image\\\/\"}}]}<\/script>\n<!-- \/ Yoast SEO Premium plugin. -->","yoast_head_json":{"title":"Programme de yoga corporatif avec YogaTribes","description":"Le programme corporatif propose des \u00e9tirements, des postures simples et des exercices de respiration et de m\u00e9ditation.","robots":{"index":"index","follow":"follow","max-snippet":"max-snippet:-1","max-image-preview":"max-image-preview:large","max-video-preview":"max-video-preview:-1"},"canonical":"https:\/\/corporateyoga.yogatribes.com\/fr\/notre-programme-de-yoga\/","og_locale":"fr_FR","og_type":"article","og_title":"Notre Programme de Yoga","og_description":"Le programme corporatif propose des \u00e9tirements, des postures simples et des exercices de respiration et de m\u00e9ditation.","og_url":"https:\/\/corporateyoga.yogatribes.com\/fr\/notre-programme-de-yoga\/","og_site_name":"YogaTribes Pages","article_modified_time":"2025-08-01T15:58:57+00:00","og_image":[{"url":"https:\/\/corporateyoga.yogatribes.com\/wp-content\/uploads\/elementor\/thumbs\/Image-8-scaled-r8t87fr2symiis0tevalznok06kaf0y9x15ss6j7ds.webp","type":"","width":"","height":""}],"twitter_card":"summary_large_image","twitter_misc":{"Dur\u00e9e de lecture estim\u00e9e":"7 minutes"},"schema":{"@context":"https:\/\/schema.org","@graph":[{"@type":"WebPage","@id":"https:\/\/corporateyoga.yogatribes.com\/fr\/notre-programme-de-yoga\/","url":"https:\/\/corporateyoga.yogatribes.com\/fr\/notre-programme-de-yoga\/","name":"Programme de yoga corporatif avec YogaTribes","isPartOf":{"@id":"https:\/\/corporateyoga.yogatribes.com\/fr\/#website"},"primaryImageOfPage":{"@id":"https:\/\/corporateyoga.yogatribes.com\/fr\/notre-programme-de-yoga\/#primaryimage"},"image":{"@id":"https:\/\/corporateyoga.yogatribes.com\/fr\/notre-programme-de-yoga\/#primaryimage"},"thumbnailUrl":"https:\/\/corporateyoga.yogatribes.com\/wp-content\/uploads\/elementor\/thumbs\/Image-8-scaled-r8t87fr2symiis0tevalznok06kaf0y9x15ss6j7ds.webp","datePublished":"2025-07-04T14:16:30+00:00","dateModified":"2025-08-01T15:58:57+00:00","description":"Le programme corporatif propose des \u00e9tirements, des postures simples et des exercices de respiration et de m\u00e9ditation.","breadcrumb":{"@id":"https:\/\/corporateyoga.yogatribes.com\/fr\/notre-programme-de-yoga\/#breadcrumb"},"inLanguage":"fr-FR","potentialAction":[{"@type":"ReadAction","target":["https:\/\/corporateyoga.yogatribes.com\/fr\/notre-programme-de-yoga\/"]}]},{"@type":"ImageObject","inLanguage":"fr-FR","@id":"https:\/\/corporateyoga.yogatribes.com\/fr\/notre-programme-de-yoga\/#primaryimage","url":"https:\/\/corporateyoga.yogatribes.com\/wp-content\/uploads\/elementor\/thumbs\/Image-8-scaled-r8t87fr2symiis0tevalznok06kaf0y9x15ss6j7ds.webp","contentUrl":"https:\/\/corporateyoga.yogatribes.com\/wp-content\/uploads\/elementor\/thumbs\/Image-8-scaled-r8t87fr2symiis0tevalznok06kaf0y9x15ss6j7ds.webp"},{"@type":"BreadcrumbList","@id":"https:\/\/corporateyoga.yogatribes.com\/fr\/notre-programme-de-yoga\/#breadcrumb","itemListElement":[{"@type":"ListItem","position":1,"name":"Home","item":"https:\/\/corporateyoga.yogatribes.com\/fr\/"},{"@type":"ListItem","position":2,"name":"Notre Programme de Yoga"}]},{"@type":"WebSite","@id":"https:\/\/corporateyoga.yogatribes.com\/fr\/#website","url":"https:\/\/corporateyoga.yogatribes.com\/fr\/","name":"YogaTribes Pages","description":"Corporate Yoga par Yogatribes","publisher":{"@id":"https:\/\/corporateyoga.yogatribes.com\/fr\/#organization"},"potentialAction":[{"@type":"SearchAction","target":{"@type":"EntryPoint","urlTemplate":"https:\/\/corporateyoga.yogatribes.com\/fr\/?s={search_term_string}"},"query-input":{"@type":"PropertyValueSpecification","valueRequired":true,"valueName":"search_term_string"}}],"inLanguage":"fr-FR"},{"@type":"Organization","@id":"https:\/\/corporateyoga.yogatribes.com\/fr\/#organization","name":"YogaTribes Pages","url":"https:\/\/corporateyoga.yogatribes.com\/fr\/","logo":{"@type":"ImageObject","inLanguage":"fr-FR","@id":"https:\/\/corporateyoga.yogatribes.com\/fr\/#\/schema\/logo\/image\/","url":"https:\/\/corporateyoga.yogatribes.com\/wp-content\/uploads\/2024\/06\/logo-yogatribes-1Site.webp","contentUrl":"https:\/\/corporateyoga.yogatribes.com\/wp-content\/uploads\/2024\/06\/logo-yogatribes-1Site.webp","width":380,"height":225,"caption":"YogaTribes Pages"},"image":{"@id":"https:\/\/corporateyoga.yogatribes.com\/fr\/#\/schema\/logo\/image\/"}}]}},"_links":{"self":[{"href":"https:\/\/corporateyoga.yogatribes.com\/fr\/wp-json\/wp\/v2\/pages\/2446","targetHints":{"allow":["GET"]}}],"collection":[{"href":"https:\/\/corporateyoga.yogatribes.com\/fr\/wp-json\/wp\/v2\/pages"}],"about":[{"href":"https:\/\/corporateyoga.yogatribes.com\/fr\/wp-json\/wp\/v2\/types\/page"}],"author":[{"embeddable":true,"href":"https:\/\/corporateyoga.yogatribes.com\/fr\/wp-json\/wp\/v2\/users\/4"}],"replies":[{"embeddable":true,"href":"https:\/\/corporateyoga.yogatribes.com\/fr\/wp-json\/wp\/v2\/comments?post=2446"}],"version-history":[{"count":608,"href":"https:\/\/corporateyoga.yogatribes.com\/fr\/wp-json\/wp\/v2\/pages\/2446\/revisions"}],"predecessor-version":[{"id":5791,"href":"https:\/\/corporateyoga.yogatribes.com\/fr\/wp-json\/wp\/v2\/pages\/2446\/revisions\/5791"}],"wp:attachment":[{"href":"https:\/\/corporateyoga.yogatribes.com\/fr\/wp-json\/wp\/v2\/media?parent=2446"}],"curies":[{"name":"wp","href":"https:\/\/api.w.org\/{rel}","templated":true}]}}